{"id":2162,"date":"2018-11-12T14:11:24","date_gmt":"2018-11-12T13:11:24","guid":{"rendered":"https:\/\/www.adeas.org\/?page_id=2162"},"modified":"2022-03-30T14:05:56","modified_gmt":"2022-03-30T12:05:56","slug":"qui-sommes-nous","status":"publish","type":"page","link":"https:\/\/www.adeas.org\/index.php\/qui-sommes-nous\/","title":{"rendered":"Qui sommes nous ?"},"content":{"rendered":"<h3>Qui sommes-nous ?<\/h3>\n<p>L&rsquo;ADEAS (Association pour la D\u00e9fense de l\u2019\u00c9pargne et de l&rsquo;Actionnariat des Salari\u00e9s) est une association loi 1901 cr\u00e9\u00e9e pour repr\u00e9senter et d\u00e9fendre les int\u00e9r\u00eats de tous les personnels actionnaires du groupe Orange (salari\u00e9s, fonctionnaires et retrait\u00e9s), et des personnels actionnaires des autres op\u00e9rateurs de t\u00e9l\u00e9communications fran\u00e7ais.<\/p>\n<p>Les personnels d\u00e9tiennent en effet pr\u00e8s de 5% des actions de l\u2019entreprise, constituant le second actionnaire apr\u00e8s l\u2019\u00c9tat, qui en d\u00e9tient 27%. Ils doivent faire valoir leurs droits \u00e0 une juste part de la valeur qu\u2019ils ont contribu\u00e9 \u00e0 cr\u00e9er.<\/p>\n<p>L\u2019ADEAS est un organisme d\u2019\u00e9changes d\u2019id\u00e9es entre personnels, retrait\u00e9s, actionnaires et repr\u00e9sentants de la direction. Elle est force de propositions notamment pour ce qui rel\u00e8ve du d\u00e9veloppement de l\u2019actionnariat et de l\u2019\u00e9pargne salari\u00e9s, de la sauvegarde de l\u2019entreprise et de ses emplois, et de la juste r\u00e9partition des b\u00e9n\u00e9fices entre travail et capital. Elle \u0153uvre pour favoriser l\u2019acc\u00e8s \u00e0 l\u2019actionnariat salari\u00e9, et permettre \u00e0 ces actionnaires \u00ab\u00a0pas comme les autres\u00a0\u00bb de contribuer au d\u00e9veloppement de l\u2019entreprise comme \u00e0 ses choix strat\u00e9giques.<\/p>\n<p><i>Depuis 2013, l\u2019ADEAS s\u2019ouvre aux autres op\u00e9rateurs de t\u00e9l\u00e9communications fran\u00e7ais\u00a0: les personnels actionnaires de ces op\u00e9rateurs peuvent donc rejoindre l\u2019ADEAS, \u00e9changer avec nous, et profiter de notre exp\u00e9rience en mati\u00e8re d\u2019actionnariat salari\u00e9s.<\/i><\/p>\n<p>Afin de renforcer la l\u00e9gitimit\u00e9 de l&rsquo;ADEAS, constitu\u00e9e de fait depuis 2008, l&rsquo;association a \u00e9t\u00e9 officiellement d\u00e9clar\u00e9e en pr\u00e9fecture le 1er octobre 2009. L&rsquo;annonce l\u00e9gale est parue au <a href=\"https:\/\/www.journal-officiel.gouv.fr\/pages\/associations-detail-annonce\/?q.id=id:200900432084\">JO du Samedi 24 octobre 2009<\/a>.<\/p>\n<p>Le si\u00e8ge social de l&rsquo;association est immatricul\u00e9 sous le N\u00b0 SIRET : 521 515 502 00016.<\/p>\n","protected":false},"excerpt":{"rendered":"<p>Qui sommes-nous ? L&rsquo;ADEAS (Association pour la D\u00e9fense de l\u2019\u00c9pargne et de l&rsquo;Actionnariat des Salari\u00e9s) est une association loi 1901 cr\u00e9\u00e9e pour repr\u00e9senter et d\u00e9fendre les int\u00e9r\u00eats de tous les personnels actionnaires du groupe Orange (salari\u00e9s, fonctionnaires et retrait\u00e9s), et des personnels actionnaires des autres op\u00e9rateurs de t\u00e9l\u00e9communications fran\u00e7ais. Les personnels d\u00e9tiennent en effet pr\u00e8s [&hellip;]<\/p>\n","protected":false},"author":8,"featured_media":0,"parent":0,"menu_order":0,"comment_status":"closed","ping_status":"closed","template":"","meta":{"_monsterinsights_skip_tracking":false,"_monsterinsights_sitenote_active":false,"_monsterinsights_sitenote_note":"","_monsterinsights_sitenote_category":0,"footnotes":""},"class_list":["post-2162","page","type-page","status-publish","hentry"],"_links":{"self":[{"href":"https:\/\/www.adeas.org\/index.php\/wp-json\/wp\/v2\/pages\/2162","targetHints":{"allow":["GET"]}}],"collection":[{"href":"https:\/\/www.adeas.org\/index.php\/wp-json\/wp\/v2\/pages"}],"about":[{"href":"https:\/\/www.adeas.org\/index.php\/wp-json\/wp\/v2\/types\/page"}],"author":[{"embeddable":true,"href":"https:\/\/www.adeas.org\/index.php\/wp-json\/wp\/v2\/users\/8"}],"replies":[{"embeddable":true,"href":"https:\/\/www.adeas.org\/index.php\/wp-json\/wp\/v2\/comments?post=2162"}],"version-history":[{"count":2,"href":"https:\/\/www.adeas.org\/index.php\/wp-json\/wp\/v2\/pages\/2162\/revisions"}],"predecessor-version":[{"id":3435,"href":"https:\/\/www.adeas.org\/index.php\/wp-json\/wp\/v2\/pages\/2162\/revisions\/3435"}],"wp:attachment":[{"href":"https:\/\/www.adeas.org\/index.php\/wp-json\/wp\/v2\/media?parent=2162"}],"curies":[{"name":"wp","href":"https:\/\/api.w.org\/{rel}","templated":true}]}}